{"id":1000,"date":"2020-02-07T18:06:48","date_gmt":"2020-02-07T18:06:48","guid":{"rendered":"http:\/\/www.stephaniemenase.com\/?page_id=1000"},"modified":"2020-02-07T18:07:46","modified_gmt":"2020-02-07T18:07:46","slug":"audio-que-peut-on-faire-avec-le-feldenkrais-1305","status":"publish","type":"page","link":"http:\/\/www.stephaniemenase.com\/?page_id=1000","title":{"rendered":"Audio \u00ab\u00a0Que peut-on faire avec le Feldenkrais ?\u00a0\u00bb (13&rsquo;05\u00a0\u00bb)"},"content":{"rendered":"<p align=\"LEFT\"><span style=\"font-size: large;\"><span style=\"font-family: 'Times New Roman', serif;\"><b><a href=\"https:\/\/drive.google.com\/file\/d\/1fqxQ5YpRzGc3binJmIIZTeEozCoaILnd\/view?usp=sharing\">Que peut-on avec le Feldenkrais\u00a0?<\/a>\u00a0<\/b><\/span><\/span><\/p>\n<p align=\"LEFT\"><i>1\/ <a href=\"https:\/\/drive.google.com\/file\/d\/1kFQVjKJF38ZbBIN3cN6PAX4ZI8tYmExc\/view?usp=sharing\">Dans quelle mesure le Feldenkrais peut-il aider des enfants pr\u00e9sentant des d\u00e9sorganisations de natures diverses et les invalidants \u00e0 des degr\u00e9s divers\u00a0: troubles fonctionnels, probl\u00e8mes d\u00e9veloppementaux, ou encore comportementaux, traumatismes, difficult\u00e9s de tous ordres\u00a0?<\/a> (4&Prime;-1&rsquo;51\u00a0\u00bb)<\/i><\/p>\n<p align=\"LEFT\"><i>2\/ <a href=\"https:\/\/drive.google.com\/file\/d\/1e--PIWs4j38axmr5xWuoGCpbHhCKAnmL\/view?usp=sharing\">En quoi consiste ce processus\u00a0?<\/a> Y a t-il des \u00e9tapes, des exp\u00e9riences cruciales\u00a0? (1&rsquo;52-4&rsquo;165)<\/i><\/p>\n<p align=\"LEFT\"><i>3\/ <a href=\"https:\/\/drive.google.com\/file\/d\/1KQh-QQJYTt5GBsVKucg5PL9bY-RAFcnD\/view?usp=sharing\">Que fait-on lors d&rsquo;une s\u00e9ance de Feldenkrais\u00a0?<\/a> (4&rsquo;17-6&rsquo;38\u00a0\u00bb)<\/i><\/p>\n<p align=\"LEFT\"><i>4\/ <a href=\"https:\/\/drive.google.com\/file\/d\/1Z1S4xwvS6eZz8qt1Lxpt8Qa3OO2Dvfbb\/view?usp=sharing\">Que propose la M\u00e9thode Feldenkrais\u00a0?<\/a> (6&rsquo;39\u00a0\u00bb-10&rsquo;205&Prime;)<\/i><\/p>\n<p align=\"LEFT\"><i>5\/ <a href=\"https:\/\/drive.google.com\/file\/d\/12B835Sn0dH1Y1qJUCXadaRrHplL0ZLD_\/view?usp=sharing\">La M\u00e9thode Feldenkrais est-elle sp\u00e9cifiquement adapt\u00e9es aux enfants \u00ab\u00a0neuro-atypiques\u00a0\u00bb\u00a0?<\/a> (10&rsquo;20-11-21&Prime;)<\/i><\/p>\n<p align=\"LEFT\"><i>6\/ <a href=\"https:\/\/drive.google.com\/file\/d\/1SGVH504QKLvRA5egmIVObnlLzZ_d5DJN\/view?usp=sharing\">Les praticiens Feldenkrais<\/a> (11&rsquo;21\u00a0\u00bb-12&rsquo;155&Prime;)<\/i><\/p>\n<p align=\"LEFT\"><i>7\/ <a href=\"https:\/\/drive.google.com\/file\/d\/1GMWa_u5FeUbdGVujm7E2lz-tJki7Ebhu\/view?usp=sharing\">Conclusion<\/a> (12&rsquo;16-13&rsquo;05\u00a0\u00bb))<\/i><\/p>\n<p align=\"LEFT\"><b><i>r\u00e9f\u00e9rences<\/i><\/b><\/p>\n<p align=\"LEFT\">Paul Schilder, <i>L&rsquo;Image du corps <\/i>[<i>The Image and appearance of the human body<\/i>, 1950], trad. fr. Fr.\u00a0Gantheretet al., Paris, Gallimard, 1968.<br \/>\nGy\u00f6rgy Buzs\u00e0ki, <span lang=\"zxx\"><u><a href=\"https:\/\/www.college-de-france.fr\/site\/alain-prochiantz\/guestlecturer-2019-05-27-16h00.htm\">https:\/\/www.college-de-france.fr\/site\/alain-prochiantz\/guestlecturer-2019-05-27-16h00.htm<br \/>\n<\/a><\/u><\/span>Mosh\u00e9 Feldenkrais, <i>L\u2019\u00c9vidence en question [The Elusive Obvious<\/i>,<i> <\/i>1981], Paris, L&rsquo;Inhabituel, 1997, p.\u00a0121.<\/p>\n<p align=\"RIGHT\"><span style=\"font-family: 'Times New Roman', serif;\"><span style=\"font-size: medium;\"><i>St\u00e9phanie M<\/i><\/span><\/span><span style=\"font-family: 'Times New Roman', serif;\"><span style=\"font-size: medium;\"><i>\u00e9nas\u00e9<br \/>\n<\/i><\/span><\/span><span style=\"font-family: 'Times New Roman', serif;\"><span style=\"font-size: medium;\">fin mai 2019<\/span><\/span><\/p>\n","protected":false},"excerpt":{"rendered":"<p>Que peut-on avec le Feldenkrais\u00a0?\u00a0 1\/ Dans quelle mesure le Feldenkrais peut-il aider des enfants&#8230;<\/p>\n","protected":false},"author":1,"featured_media":0,"parent":0,"menu_order":0,"comment_status":"closed","ping_status":"closed","template":"","meta":{"footnotes":""},"class_list":["post-1000","page","type-page","status-publish","hentry"],"_links":{"self":[{"href":"http:\/\/www.stephaniemenase.com\/index.php?rest_route=\/wp\/v2\/pages\/1000","targetHints":{"allow":["GET"]}}],"collection":[{"href":"http:\/\/www.stephaniemenase.com\/index.php?rest_route=\/wp\/v2\/pages"}],"about":[{"href":"http:\/\/www.stephaniemenase.com\/index.php?rest_route=\/wp\/v2\/types\/page"}],"author":[{"embeddable":true,"href":"http:\/\/www.stephaniemenase.com\/index.php?rest_route=\/wp\/v2\/users\/1"}],"replies":[{"embeddable":true,"href":"http:\/\/www.stephaniemenase.com\/index.php?rest_route=%2Fwp%2Fv2%2Fcomments&post=1000"}],"version-history":[{"count":5,"href":"http:\/\/www.stephaniemenase.com\/index.php?rest_route=\/wp\/v2\/pages\/1000\/revisions"}],"predecessor-version":[{"id":1005,"href":"http:\/\/www.stephaniemenase.com\/index.php?rest_route=\/wp\/v2\/pages\/1000\/revisions\/1005"}],"wp:attachment":[{"href":"http:\/\/www.stephaniemenase.com\/index.php?rest_route=%2Fwp%2Fv2%2Fmedia&parent=1000"}],"curies":[{"name":"wp","href":"https:\/\/api.w.org\/{rel}","templated":true}]}}